{"id":2966,"date":"2020-03-13T06:52:57","date_gmt":"2020-03-13T06:52:57","guid":{"rendered":"https:\/\/www.pac24.de\/?page_id=2966"},"modified":"2025-11-11T23:20:13","modified_gmt":"2025-11-11T23:20:13","slug":"datenschutzerklaerung","status":"publish","type":"page","link":"https:\/\/www.pac24.de\/fr\/datenschutzerklaerung","title":{"rendered":"Politique de confidentialit\u00e9"},"content":{"rendered":"<div class=\"wpb-content-wrapper\"><div class=\"vc_row wpb_row vc_row-fluid inner_container_fixed vc_custom_1584032465510 vc_row-has-fill\"><div class=\"wpb_column vc_column_container vc_col-sm-12\"><div class=\"vc_column-inner\"><div class=\"wpb_wrapper\">\n\t<div class=\"wpb_text_column wpb_content_element\" >\n\t\t<div class=\"wpb_wrapper\">\n\t\t\t<h2 style=\"text-align: left;\">POLITIQUE DE PROTECTION DE LA VIE PRIV\u00c9E<\/h2>\n<p>Nous sommes tr\u00e8s heureux de l'int\u00e9r\u00eat que vous portez \u00e0 notre entreprise. La protection des donn\u00e9es est une priorit\u00e9 particuli\u00e8rement importante pour la direction de la soci\u00e9t\u00e9 pac 24 GmbH. L'utilisation des pages Internet de la pac 24 GmbH est possible sans indication de donn\u00e9es personnelles. Toutefois, si une personne concern\u00e9e souhaite utiliser des services sp\u00e9ciaux de notre entreprise via notre site web, le traitement de donn\u00e9es \u00e0 caract\u00e8re personnel pourrait s'av\u00e9rer n\u00e9cessaire. Si le traitement des donn\u00e9es \u00e0 caract\u00e8re personnel est n\u00e9cessaire et qu'il n'y a pas de base juridique pour ce traitement, nous obtiendrons g\u00e9n\u00e9ralement le consentement de la personne concern\u00e9e.<\/p>\n<p>Le traitement des donn\u00e9es personnelles, telles que le nom, l'adresse, l'adresse \u00e9lectronique ou le num\u00e9ro de t\u00e9l\u00e9phone d'une personne concern\u00e9e, doit toujours \u00eatre conforme aux r\u00e9glementations nationales en mati\u00e8re de protection des donn\u00e9es applicables \u00e0 la soci\u00e9t\u00e9 pac 24 GmbH. Par le biais de cette d\u00e9claration de protection des donn\u00e9es, notre entreprise souhaite informer le public sur le type, l'\u00e9tendue et l'objectif des donn\u00e9es personnelles que nous collectons, utilisons et traitons. En outre, les personnes concern\u00e9es sont inform\u00e9es de leurs droits par le biais de cette d\u00e9claration de protection des donn\u00e9es.<\/p>\n<p>En tant que responsable du traitement, la soci\u00e9t\u00e9 pac 24 GmbH a mis en \u0153uvre de nombreuses mesures techniques et organisationnelles pour assurer la protection la plus compl\u00e8te des donn\u00e9es \u00e0 caract\u00e8re personnel trait\u00e9es par l'interm\u00e9diaire de ce site web. Cependant, les transmissions de donn\u00e9es par Internet peuvent toujours \u00eatre sujettes \u00e0 des vuln\u00e9rabilit\u00e9s de s\u00e9curit\u00e9, de sorte qu'une protection absolue ne peut \u00eatre garantie. C'est pourquoi chaque personne concern\u00e9e est libre de nous transmettre des donn\u00e9es personnelles par d'autres moyens, par exemple par t\u00e9l\u00e9phone.<\/p>\n<h4>1. d\u00e9finitions<\/h4>\n<p>La d\u00e9claration de protection des donn\u00e9es de pac 24 GmbH est bas\u00e9e sur les termes utilis\u00e9s par la directive et l'ordonnance europ\u00e9ennes lors de la publication du r\u00e8glement sur la protection des donn\u00e9es (DS-GVO). Notre d\u00e9claration de protection des donn\u00e9es doit \u00eatre facile \u00e0 lire et \u00e0 comprendre pour le public ainsi que pour nos clients et partenaires commerciaux. Pour ce faire, nous souhaitons expliquer les termes utilis\u00e9s \u00e0 l'avance.<\/p>\n<p>Nous utilisons les termes suivants, entre autres, dans cette politique de confidentialit\u00e9 :<\/p>\n<h4>a) les donn\u00e9es \u00e0 caract\u00e8re personnel<\/h4>\n<p>Par donn\u00e9es \u00e0 caract\u00e8re personnel, on entend toute information concernant une personne physique identifi\u00e9e ou identifiable (ci-apr\u00e8s d\u00e9nomm\u00e9e \"personne concern\u00e9e\"). Une personne physique identifiable est une personne qui peut \u00eatre identifi\u00e9e, directement ou indirectement, notamment par r\u00e9f\u00e9rence \u00e0 un identifiant tel qu'un nom, un num\u00e9ro d'identification, des donn\u00e9es de localisation, un identifiant en ligne ou un ou plusieurs \u00e9l\u00e9ments sp\u00e9cifiques \u00e0 l'identit\u00e9 physique, physiologique, g\u00e9n\u00e9tique, mentale, \u00e9conomique, culturelle ou sociale de cette personne physique.<\/p>\n<h4>b) la personne concern\u00e9e<\/h4>\n<p>Par personne concern\u00e9e, on entend toute personne physique identifi\u00e9e ou identifiable dont les donn\u00e9es \u00e0 caract\u00e8re personnel sont trait\u00e9es par le responsable du traitement.<\/p>\n<h4>c) Traitement<\/h4>\n<p>Le traitement est toute op\u00e9ration ou ensemble d'op\u00e9rations effectu\u00e9es, de mani\u00e8re automatis\u00e9e ou non, sur des donn\u00e9es \u00e0 caract\u00e8re personnel, telles que la collecte, l'enregistrement, l'organisation, le classement, la conservation, l'adaptation ou la modification, l'extraction, la consultation, l'utilisation, la communication par transmission, diffusion ou toute autre forme de mise \u00e0 disposition, le rapprochement ou l'interconnexion, ainsi que la limitation, l'effacement ou la destruction.<\/p>\n<h4>d) Restriction du traitement<\/h4>\n<p>La limitation du traitement est le marquage des donn\u00e9es \u00e0 caract\u00e8re personnel stock\u00e9es dans le but de limiter leur traitement futur.<\/p>\n<h4>(e) Profilage<\/h4>\n<p>Le profilage est tout traitement automatis\u00e9 de donn\u00e9es \u00e0 caract\u00e8re personnel consistant \u00e0 utiliser ces donn\u00e9es pour \u00e9valuer certains aspects de la personnalit\u00e9 d'une personne physique, notamment pour analyser ou pr\u00e9voir des aspects relatifs \u00e0 son rendement au travail, sa situation \u00e9conomique, sa sant\u00e9, ses pr\u00e9f\u00e9rences personnelles, ses int\u00e9r\u00eats, sa fiabilit\u00e9, son comportement, son lieu de r\u00e9sidence ou son changement de lieu.<\/p>\n<h4>f) Pseudonymisation<\/h4>\n<p>La pseudonymisation est le traitement de donn\u00e9es \u00e0 caract\u00e8re personnel de telle sorte que les donn\u00e9es \u00e0 caract\u00e8re personnel ne puissent plus \u00eatre attribu\u00e9es \u00e0 une personne sp\u00e9cifique sans informations suppl\u00e9mentaires, \u00e0 condition que ces informations suppl\u00e9mentaires soient conserv\u00e9es s\u00e9par\u00e9ment et fassent l'objet de mesures techniques et organisationnelles garantissant que les donn\u00e9es \u00e0 caract\u00e8re personnel ne sont pas attribu\u00e9es \u00e0 une personne physique identifi\u00e9e ou identifiable.<\/p>\n<h4>g) Contr\u00f4leur ou responsable du traitement des donn\u00e9es<\/h4>\n<p>On entend par contr\u00f4leur ou responsable du traitement des donn\u00e9es la personne physique ou morale, l'autorit\u00e9 publique, l'agence ou tout autre organisme qui, seul ou conjointement avec d'autres, d\u00e9termine les finalit\u00e9s et les moyens du traitement des donn\u00e9es \u00e0 caract\u00e8re personnel. Lorsque les finalit\u00e9s et les moyens de ce traitement sont d\u00e9termin\u00e9s par le droit de l'Union ou par le droit des \u00c9tats membres, des dispositions peuvent \u00eatre prises pour le responsable du traitement ou pour les crit\u00e8res sp\u00e9cifiques de sa d\u00e9signation conform\u00e9ment au droit de l'Union ou au droit des \u00c9tats membres.<\/p>\n<h4>h) les transformateurs<\/h4>\n<p>Le sous-traitant est une personne physique ou morale, une autorit\u00e9 publique, une agence ou un autre organisme qui traite des donn\u00e9es \u00e0 caract\u00e8re personnel au nom du responsable du traitement.<\/p>\n<h4>(i) Destinataire<\/h4>\n<p>Le destinataire est une personne physique ou morale, une autorit\u00e9 publique, une agence ou un autre organisme \u00e0 qui des donn\u00e9es \u00e0 caract\u00e8re personnel sont communiqu\u00e9es, qu'il s'agisse ou non d'un tiers. Toutefois, les autorit\u00e9s qui peuvent recevoir des donn\u00e9es \u00e0 caract\u00e8re personnel au cours d'une enqu\u00eate sp\u00e9cifique, conform\u00e9ment au droit de l'Union ou au droit national, ne sont pas consid\u00e9r\u00e9es comme des destinataires.<\/p>\n<h4>j) Tiers<\/h4>\n<p>Tiers : toute personne physique ou morale, autorit\u00e9 publique, agence ou organisme autre que la personne concern\u00e9e, le responsable du traitement, le sous-traitant et les personnes qui, sous l'autorit\u00e9 directe du responsable du traitement ou du sous-traitant, sont autoris\u00e9es \u00e0 traiter les donn\u00e9es \u00e0 caract\u00e8re personnel.<\/p>\n<h4>k) Consentement<\/h4>\n<p>Par consentement, on entend toute expression sp\u00e9cifique, libre et inform\u00e9e de la volont\u00e9 de la personne concern\u00e9e, exprim\u00e9e de mani\u00e8re \u00e9clair\u00e9e et non \u00e9quivoque, sous la forme d'une d\u00e9claration ou d'un autre acte affirmatif non \u00e9quivoque par lequel la personne concern\u00e9e manifeste son consentement au traitement des donn\u00e9es \u00e0 caract\u00e8re personnel la concernant.<\/p>\n<h4>2. le nom et l'adresse du responsable du traitement<\/h4>\n<p>La personne responsable au sens du r\u00e8glement de base sur la protection des donn\u00e9es, des autres lois sur la protection des donn\u00e9es applicables dans les \u00c9tats membres de l'Union europ\u00e9enne et des autres dispositions de nature \u00e0 prot\u00e9ger les donn\u00e9es est le :<\/p>\n<p>pac 24 GmbH<\/p>\n<p>Rudolf-Diesel-Strasse 14<\/p>\n<p>53859 Bas-Kassel<\/p>\n<p>Allemagne<\/p>\n<p>T\u00e9l : 02286296580<\/p>\n<p>Courrier \u00e9lectronique :\u00a0<a href=\"mailto:info@pac24.de\">info@pac24.de<\/a><\/p>\n<p>Site web :\u00a0<a href=\"https:\/\/www.pac24.de\/fr\/\">www.pac24.de<\/a><\/p>\n<h4>3. la collecte de donn\u00e9es et d'informations g\u00e9n\u00e9rales<\/h4>\n<p>Le site web de pac 24 GmbH collecte une s\u00e9rie de donn\u00e9es et d'informations g\u00e9n\u00e9rales chaque fois qu'une personne concern\u00e9e ou un syst\u00e8me automatis\u00e9 appelle le site. Ces donn\u00e9es et informations g\u00e9n\u00e9rales sont stock\u00e9es dans les fichiers journaux du serveur. Les donn\u00e9es suivantes peuvent \u00eatre collect\u00e9es : (1) les types et versions de navigateurs utilis\u00e9s, (2) le syst\u00e8me d'exploitation utilis\u00e9 par le syst\u00e8me d'acc\u00e8s, (3) le site web \u00e0 partir duquel un syst\u00e8me d'acc\u00e8s acc\u00e8de \u00e0 notre site web (appel\u00e9 \"referrer\"), (4) les sous-site web accessibles par un syst\u00e8me d'acc\u00e8s sur notre site web, (5) la date et l'heure d'acc\u00e8s au site web, (6) une adresse de protocole Internet (adresse IP), (7) le fournisseur de services Internet du syst\u00e8me d'acc\u00e8s et (8) d'autres donn\u00e9es et informations similaires qui servent \u00e0 pr\u00e9venir le danger en cas d'attaques contre nos syst\u00e8mes informatiques.<\/p>\n<p>Lors de l'utilisation de ces donn\u00e9es et informations g\u00e9n\u00e9rales, la soci\u00e9t\u00e9 pac 24 GmbH ne tire aucune conclusion sur la personne concern\u00e9e. Ces informations sont plut\u00f4t n\u00e9cessaires (1) pour diffuser correctement le contenu de notre site web, (2) pour optimiser le contenu de notre site web et la publicit\u00e9 qui y est faite, (3) pour assurer la fonctionnalit\u00e9 \u00e0 long terme de nos syst\u00e8mes informatiques et de la technologie de notre site web, et (4) pour fournir aux autorit\u00e9s r\u00e9pressives les informations n\u00e9cessaires aux poursuites en cas de cyber-attaque. C'est pourquoi la pac 24 GmbH analyse les donn\u00e9es et les informations recueillies de mani\u00e8re anonyme, d'une part, d'un point de vue statistique et dans le but d'accro\u00eetre la protection et la s\u00e9curit\u00e9 des donn\u00e9es de notre entreprise et, d'autre part, de garantir un niveau optimal de protection des donn\u00e9es personnelles que nous traitons. Les donn\u00e9es anonymes des fichiers journaux du serveur sont stock\u00e9es s\u00e9par\u00e9ment de toute donn\u00e9e personnelle soumise par une personne concern\u00e9e.<\/p>\n<h4>4. l'effacement et le blocage de routine des donn\u00e9es \u00e0 caract\u00e8re personnel<\/h4>\n<p>Le responsable du traitement traite et stocke les donn\u00e9es \u00e0 caract\u00e8re personnel concernant la personne concern\u00e9e uniquement pendant le temps n\u00e9cessaire pour atteindre l'objectif de stockage ou lorsque cela est pr\u00e9vu par la directive et le r\u00e8glement europ\u00e9ens ou par toute autre loi ou r\u00e8glement auquel le responsable du traitement est soumis.<\/p>\n<p>Si la finalit\u00e9 de la conservation cesse d'\u00eatre applicable ou si une p\u00e9riode de conservation prescrite par le donneur de directives et de r\u00e8glements europ\u00e9ens ou tout autre l\u00e9gislateur comp\u00e9tent expire, les donn\u00e9es personnelles seront bloqu\u00e9es ou supprim\u00e9es de mani\u00e8re syst\u00e9matique et conform\u00e9ment aux dispositions l\u00e9gales.<\/p>\n<h4>5. droits de la personne concern\u00e9e<\/h4>\n<h4>a) Droit \u00e0 la confirmation<\/h4>\n<p>Toute personne concern\u00e9e a le droit, conf\u00e9r\u00e9 par les directives et r\u00e8glements europ\u00e9ens, d'obtenir du responsable du traitement la confirmation que des donn\u00e9es \u00e0 caract\u00e8re personnel la concernant font l'objet d'un traitement. Si une personne concern\u00e9e souhaite exercer ce droit de confirmation, elle peut \u00e0 tout moment contacter un employ\u00e9 du responsable du traitement.<\/p>\n<h4>b) Droit \u00e0 l'information<\/h4>\n<p>Toute personne concern\u00e9e par le traitement de donn\u00e9es \u00e0 caract\u00e8re personnel a le droit, accord\u00e9 par les directives et r\u00e8glements europ\u00e9ens, d'obtenir \u00e0 tout moment et gratuitement du responsable du traitement des informations sur les donn\u00e9es \u00e0 caract\u00e8re personnel stock\u00e9es \u00e0 son sujet ainsi qu'une copie de celles-ci. En outre, le donneur de la directive et du r\u00e8glement europ\u00e9ens a accord\u00e9 \u00e0 la personne concern\u00e9e l'acc\u00e8s aux informations suivantes :<\/p>\n<ul>\n<li>les finalit\u00e9s du traitement<\/li>\n<li>les cat\u00e9gories de donn\u00e9es \u00e0 caract\u00e8re personnel trait\u00e9es<\/li>\n<li>les destinataires ou les cat\u00e9gories de destinataires auxquels les donn\u00e9es \u00e0 caract\u00e8re personnel ont \u00e9t\u00e9 ou seront communiqu\u00e9es, en particulier les destinataires dans les pays tiers ou les organisations internationales<\/li>\n<li>si possible, la dur\u00e9e pr\u00e9vue de conservation des donn\u00e9es \u00e0 caract\u00e8re personnel ou, si cela n'est pas possible, les crit\u00e8res permettant de d\u00e9terminer cette dur\u00e9e<\/li>\n<li>l'existence d'un droit de rectification ou d'effacement des donn\u00e9es \u00e0 caract\u00e8re personnel les concernant ou d'un droit d'opposition \u00e0 leur traitement par le responsable du traitement<\/li>\n<li>l'existence d'un droit de recours aupr\u00e8s d'une autorit\u00e9 de contr\u00f4le<\/li>\n<li>si les donn\u00e9es personnelles ne sont pas collect\u00e9es aupr\u00e8s de la personne concern\u00e9e : Toutes les informations disponibles sur l'origine des donn\u00e9es<\/li>\n<li>l'existence d'un processus d\u00e9cisionnel automatis\u00e9, y compris le profilage, conform\u00e9ment \u00e0 l'article 22, paragraphes 1 et 4, de la LPD et, au moins dans ces cas, des informations utiles sur la logique en jeu ainsi que sur la port\u00e9e et l'incidence pr\u00e9vue de ce traitement sur la personne concern\u00e9e<\/li>\n<\/ul>\n<p>La personne concern\u00e9e a \u00e9galement le droit de savoir si des donn\u00e9es \u00e0 caract\u00e8re personnel ont \u00e9t\u00e9 transf\u00e9r\u00e9es vers un pays tiers ou vers une organisation internationale. Si tel est le cas, la personne concern\u00e9e a \u00e9galement le droit d'obtenir des informations sur les garanties appropri\u00e9es en rapport avec le transfert.<\/p>\n<p>Si une personne concern\u00e9e souhaite exercer ce droit d'acc\u00e8s, elle peut \u00e0 tout moment contacter un employ\u00e9 du responsable du traitement.<\/p>\n<h4>c) Droit de rectification<\/h4>\n<p>Toute personne concern\u00e9e par le traitement de donn\u00e9es \u00e0 caract\u00e8re personnel a le droit, accord\u00e9 par le l\u00e9gislateur europ\u00e9en, de demander la rectification sans d\u00e9lai de donn\u00e9es \u00e0 caract\u00e8re personnel inexactes la concernant. La personne concern\u00e9e a \u00e9galement le droit de demander que les donn\u00e9es \u00e0 caract\u00e8re personnel incompl\u00e8tes soient compl\u00e9t\u00e9es, y compris au moyen d'une d\u00e9claration compl\u00e9mentaire, compte tenu des finalit\u00e9s du traitement.<\/p>\n<p>Si une personne concern\u00e9e souhaite exercer ce droit de rectification, elle peut \u00e0 tout moment contacter un membre du personnel du responsable du traitement.<\/p>\n<h4>d) Droit d'annulation (droit d'\u00eatre oubli\u00e9)<\/h4>\n<p>Toute personne concern\u00e9e par le traitement de donn\u00e9es \u00e0 caract\u00e8re personnel a le droit, accord\u00e9 par les directives et r\u00e8glements europ\u00e9ens, d'obtenir du responsable du traitement l'effacement imm\u00e9diat des donn\u00e9es \u00e0 caract\u00e8re personnel la concernant, lorsque l'une des raisons suivantes s'applique et \u00e0 condition que le traitement ne soit pas n\u00e9cessaire :<\/p>\n<ul>\n<li>Les donn\u00e9es \u00e0 caract\u00e8re personnel ont \u00e9t\u00e9 collect\u00e9es ou autrement trait\u00e9es \u00e0 des fins pour lesquelles elles ne sont plus n\u00e9cessaires.<\/li>\n<li>La personne concern\u00e9e retire le consentement sur lequel le traitement \u00e9tait fond\u00e9 en vertu de l'article 6, paragraphe 1, point a), de la LPD ou de l'article 9, paragraphe 2, point a), de la LPD et il n'existe aucune autre base juridique pour le traitement.<\/li>\n<li>La personne concern\u00e9e s'oppose au traitement en vertu de l'article 21, paragraphe 1, du r\u00e8glement d'exemption par cat\u00e9gorie et qu'il n'existe aucune raison imp\u00e9rieuse et l\u00e9gitime de proc\u00e9der au traitement, ou la personne concern\u00e9e s'oppose au traitement en vertu de l'article 21, paragraphe 2, du r\u00e8glement d'exemption par cat\u00e9gorie.<\/li>\n<li>Les donn\u00e9es \u00e0 caract\u00e8re personnel ont \u00e9t\u00e9 trait\u00e9es ill\u00e9galement.<\/li>\n<li>La suppression des donn\u00e9es \u00e0 caract\u00e8re personnel est n\u00e9cessaire pour respecter une obligation l\u00e9gale en vertu du droit de l'Union ou du droit des \u00c9tats membres \u00e0 laquelle le responsable du traitement est soumis.<\/li>\n<li>Les donn\u00e9es \u00e0 caract\u00e8re personnel ont \u00e9t\u00e9 collect\u00e9es en relation avec les services de la soci\u00e9t\u00e9 de l'information offerts conform\u00e9ment \u00e0 l'article 8, paragraphe 1, de l'OGSD.<\/li>\n<\/ul>\n<p>Si l'une des raisons susmentionn\u00e9es s'applique et qu'une personne concern\u00e9e souhaite faire supprimer des donn\u00e9es personnelles stock\u00e9es par pac 24 GmbH, elle peut, \u00e0 tout moment, contacter un employ\u00e9 du responsable du traitement. L'employ\u00e9 de la soci\u00e9t\u00e9 pac 24 GmbH fera en sorte que la demande de suppression soit imm\u00e9diatement satisfaite.<\/p>\n<p>Si les donn\u00e9es personnelles ont \u00e9t\u00e9 rendues publiques par pac 24 GmbH, et que notre soci\u00e9t\u00e9 en tant que responsable du traitement est oblig\u00e9e de supprimer les donn\u00e9es personnelles conform\u00e9ment \u00e0 l'article 17 (1) du r\u00e8glement sur la protection des donn\u00e9es, pac 24 GmbH met en \u0153uvre des mesures raisonnables, y compris des mesures techniques, pour indemniser d'autres responsables du traitement des donn\u00e9es personnelles publi\u00e9es, en tenant compte de la technologie disponible et du co\u00fbt de la mise en \u0153uvre, afin de garantir que la personne concern\u00e9e demande \u00e0 ces autres responsables du traitement la suppression de tous les liens vers les donn\u00e9es personnelles ou vers des copies ou des r\u00e9plications des donn\u00e9es personnelles, sauf si le traitement est n\u00e9cessaire. L'employ\u00e9 de la soci\u00e9t\u00e9 pac 24 GmbH prendra les dispositions n\u00e9cessaires dans les cas individuels.<\/p>\n<h4>e) Droit de limiter le traitement<\/h4>\n<p>Toute personne concern\u00e9e par le traitement de donn\u00e9es \u00e0 caract\u00e8re personnel a le droit, accord\u00e9 par les directives et r\u00e8glements europ\u00e9ens, de demander au responsable du traitement de restreindre le traitement si l'une des conditions suivantes est remplie :<\/p>\n<ul>\n<li>L'exactitude des donn\u00e9es \u00e0 caract\u00e8re personnel est contest\u00e9e par la personne concern\u00e9e, pendant une p\u00e9riode de temps qui permet au responsable du traitement de v\u00e9rifier l'exactitude des donn\u00e9es \u00e0 caract\u00e8re personnel.<\/li>\n<li>Le traitement est ill\u00e9gal, la personne concern\u00e9e refuse que les donn\u00e9es personnelles soient supprim\u00e9es et demande au contraire que l'utilisation des donn\u00e9es personnelles soit limit\u00e9e.<\/li>\n<li>Le responsable du traitement n'a plus besoin des donn\u00e9es \u00e0 caract\u00e8re personnel aux fins du traitement, mais la personne concern\u00e9e en a besoin pour exercer ou d\u00e9fendre des droits en justice.<\/li>\n<li>La personne concern\u00e9e a introduit une objection au traitement en vertu de l'article 21, paragraphe 1, de la LPD et il n'est pas encore clair si les raisons l\u00e9gitimes du responsable du traitement l'emportent sur celles de la personne concern\u00e9e.<\/li>\n<\/ul>\n<p>Si l'une des conditions susmentionn\u00e9es est remplie et qu'une personne concern\u00e9e souhaite demander la limitation des donn\u00e9es \u00e0 caract\u00e8re personnel stock\u00e9es par la soci\u00e9t\u00e9 pac 24 GmbH, elle peut, \u00e0 tout moment, s'adresser \u00e0 un employ\u00e9 du responsable du traitement. L'employ\u00e9 de la soci\u00e9t\u00e9 pac 24 GmbH se chargera de la limitation du traitement.<\/p>\n<h4>f) Droit \u00e0 la portabilit\u00e9 des donn\u00e9es<\/h4>\n<p>Toute personne concern\u00e9e par le traitement de donn\u00e9es \u00e0 caract\u00e8re personnel a le droit, accord\u00e9 par les directives et r\u00e8glements europ\u00e9ens, de recevoir les donn\u00e9es \u00e0 caract\u00e8re personnel la concernant qui ont \u00e9t\u00e9 fournies par la personne concern\u00e9e \u00e0 un responsable du traitement dans un format structur\u00e9, commun et lisible par machine. Il a \u00e9galement le droit de faire communiquer sans entrave ces donn\u00e9es \u00e0 un autre responsable du traitement par le responsable du traitement auquel les donn\u00e9es \u00e0 caract\u00e8re personnel ont \u00e9t\u00e9 communiqu\u00e9es, \u00e0 condition que le traitement soit fond\u00e9 sur le consentement vis\u00e9 \u00e0 l'article 6, paragraphe 1, point a), de la LPD ou \u00e0 l'article 9, paragraphe 2, point a), de la LPD ou sur un contrat conclu en vertu de l'article 6, paragraphe 1, point b), de la LPD et que le traitement soit effectu\u00e9 \u00e0 l'aide de proc\u00e9d\u00e9s automatis\u00e9s, sauf si le traitement est n\u00e9cessaire \u00e0 l'ex\u00e9cution d'une mission effectu\u00e9e dans l'int\u00e9r\u00eat public ou \u00e0 l'exercice de l'autorit\u00e9 publique dont est investi le responsable du traitement.<\/p>\n<p>En outre, lorsqu'elle exerce son droit \u00e0 la transf\u00e9rabilit\u00e9 des donn\u00e9es conform\u00e9ment \u00e0 l'article 20, paragraphe 1, de la LPD, la personne concern\u00e9e a le droit d'obtenir que les donn\u00e9es \u00e0 caract\u00e8re personnel soient transf\u00e9r\u00e9es directement d'un responsable \u00e0 un autre, dans la mesure o\u00f9 cela est techniquement possible et \u00e0 condition que cela n'affecte pas les droits et libert\u00e9s d'autres personnes.<\/p>\n<p>Afin de faire valoir son droit \u00e0 la portabilit\u00e9 des donn\u00e9es, la personne concern\u00e9e peut \u00e0 tout moment contacter n'importe quel employ\u00e9 de la soci\u00e9t\u00e9 pac 24 GmbH.<\/p>\n<h4>g) Droit de recours<\/h4>\n<p>Toute personne concern\u00e9e par le traitement de donn\u00e9es \u00e0 caract\u00e8re personnel a le droit, accord\u00e9 par le l\u00e9gislateur europ\u00e9en pour les directives et r\u00e8glements, de s'opposer \u00e0 tout moment, pour des raisons tenant \u00e0 sa situation particuli\u00e8re, au traitement de donn\u00e9es \u00e0 caract\u00e8re personnel la concernant qui est effectu\u00e9 sur la base de l'article 6, paragraphe 1, point e) ou f), de la LPD. Cela s'applique \u00e9galement au profilage fond\u00e9 sur ces dispositions.<\/p>\n<p>En cas d'opposition, la soci\u00e9t\u00e9 pac 24 GmbH ne traitera plus les donn\u00e9es personnelles, sauf si nous pouvons d\u00e9montrer qu'il existe des motifs l\u00e9gitimes et imp\u00e9rieux de traiter les donn\u00e9es qui l'emportent sur les int\u00e9r\u00eats, les droits et les libert\u00e9s de la personne concern\u00e9e, ou de faire valoir, d'exercer ou de d\u00e9fendre des droits l\u00e9gaux.<\/p>\n<p>Si la pac 24 GmbH traite des donn\u00e9es personnelles \u00e0 des fins de marketing direct, la personne concern\u00e9e a le droit de s'opposer \u00e0 tout moment au traitement des donn\u00e9es personnelles trait\u00e9es pour ce marketing. Cela s'applique \u00e9galement au profilage, dans la mesure o\u00f9 il est li\u00e9 \u00e0 ce type de marketing direct. Si la personne concern\u00e9e s'oppose \u00e0 ce que pac 24 GmbH traite ses donn\u00e9es \u00e0 des fins de marketing direct, pac 24 GmbH ne traitera plus les donn\u00e9es personnelles \u00e0 ces fins.<\/p>\n<p>En outre, la personne concern\u00e9e a le droit, pour des motifs li\u00e9s \u00e0 sa situation particuli\u00e8re, de s'opposer au traitement des donn\u00e9es \u00e0 caract\u00e8re personnel la concernant effectu\u00e9 par la soci\u00e9t\u00e9 pac 24 GmbH \u00e0 des fins de recherche scientifique ou historique ou \u00e0 des fins statistiques, conform\u00e9ment \u00e0 l'article 89, paragraphe 1, du r\u00e8glement relatif \u00e0 la protection des donn\u00e9es (DS-GVO), \u00e0 moins que ce traitement ne soit n\u00e9cessaire \u00e0 l'ex\u00e9cution d'une mission effectu\u00e9e dans l'int\u00e9r\u00eat public.<\/p>\n<p>Pour exercer son droit d'opposition, la personne concern\u00e9e peut s'adresser directement \u00e0 tout employ\u00e9 de la soci\u00e9t\u00e9 pac 24 GmbH ou \u00e0 un autre employ\u00e9. La personne concern\u00e9e est \u00e9galement libre d'exercer son droit d'opposition au moyen de proc\u00e9dures automatis\u00e9es utilisant des sp\u00e9cifications techniques en rapport avec l'utilisation des services de la soci\u00e9t\u00e9 de l'information, nonobstant la directive 2002\/58\/CE.<\/p>\n<h4>(h) D\u00e9cisions automatis\u00e9es au cas par cas, y compris le profilage<\/h4>\n<p>Toute personne concern\u00e9e par le traitement de donn\u00e9es \u00e0 caract\u00e8re personnel a le droit, tel qu'accord\u00e9 par les directives et r\u00e8glements europ\u00e9ens, de ne pas \u00eatre soumise \u00e0 une d\u00e9cision fond\u00e9e uniquement sur un traitement automatis\u00e9, y compris le profilage, qui produit des effets juridiques \u00e0 son \u00e9gard ou qui l'affecte de mani\u00e8re significative et similaire, \u00e0 condition que cette d\u00e9cision (1) ne soit pas n\u00e9cessaire \u00e0 la conclusion ou \u00e0 l'ex\u00e9cution d'un contrat entre la personne concern\u00e9e et le responsable du traitement, ou (2) qu'elle soit autoris\u00e9e par la l\u00e9gislation de l'Union ou la l\u00e9gislation nationale \u00e0 laquelle le responsable du traitement est soumis et que cette l\u00e9gislation pr\u00e9voie des garanties suffisantes au regard des droits et libert\u00e9s et des int\u00e9r\u00eats l\u00e9gitimes de la personne concern\u00e9e, ou (3) qu'elle soit prise avec le consentement explicite de la personne concern\u00e9e.<\/p>\n<p>Si la d\u00e9cision (1) est n\u00e9cessaire \u00e0 la conclusion ou \u00e0 l'ex\u00e9cution d'un contrat entre la personne concern\u00e9e et le responsable du traitement, ou (2) si elle est prise avec le consentement explicite de la personne concern\u00e9e, la soci\u00e9t\u00e9 pac 24 GmbH met en \u0153uvre des mesures appropri\u00e9es pour sauvegarder les droits et libert\u00e9s et les int\u00e9r\u00eats l\u00e9gitimes de la personne concern\u00e9e, qui comprennent au moins le droit d'obtenir l'implication de la personne concern\u00e9e de la part du responsable du traitement, d'exprimer son point de vue et de contester la d\u00e9cision.<\/p>\n<p>Si la personne concern\u00e9e souhaite exercer des droits relatifs \u00e0 des d\u00e9cisions automatis\u00e9es, elle peut \u00e0 tout moment contacter un membre du personnel du responsable du traitement.<\/p>\n<h4>Droit de r\u00e9voquer un consentement \u00e0 la protection des donn\u00e9es<\/h4>\n<p>Toute personne concern\u00e9e par le traitement des donn\u00e9es personnelles a le droit, accord\u00e9 par le donneur de directive et de r\u00e8glement europ\u00e9en, de r\u00e9voquer son consentement au traitement des donn\u00e9es personnelles \u00e0 tout moment.<\/p>\n<p>Si la personne concern\u00e9e souhaite exercer son droit de retirer son consentement, elle peut \u00e0 tout moment contacter un employ\u00e9 du responsable du traitement.<\/p>\n<h4>6. base juridique du traitement<\/h4>\n<p>L'art. 6 I lit. a DS-GVO sert de base juridique \u00e0 notre entreprise pour les op\u00e9rations de traitement pour lesquelles nous obtenons le consentement pour une finalit\u00e9 de traitement sp\u00e9cifique. Si le traitement de donn\u00e9es \u00e0 caract\u00e8re personnel est n\u00e9cessaire \u00e0 l'ex\u00e9cution d'un contrat auquel la personne concern\u00e9e est partie, comme c'est le cas, par exemple, des traitements n\u00e9cessaires \u00e0 la fourniture de biens ou \u00e0 la prestation d'un autre service ou d'une autre contrepartie, le traitement est fond\u00e9 sur l'article 6 I lit. b DS-GVO. Il en va de m\u00eame pour les traitements n\u00e9cessaires \u00e0 la mise en \u0153uvre des mesures pr\u00e9contractuelles, par exemple dans le cas de demandes de renseignements sur nos produits ou services. Si notre entreprise est soumise \u00e0 une obligation l\u00e9gale qui rend n\u00e9cessaire le traitement de donn\u00e9es \u00e0 caract\u00e8re personnel, par exemple pour remplir des obligations fiscales, le traitement se fonde sur l'art. 6 I lit. c DS-GVO. Dans de rares cas, le traitement de donn\u00e9es \u00e0 caract\u00e8re personnel peut \u00eatre n\u00e9cessaire pour prot\u00e9ger les int\u00e9r\u00eats vitaux de la personne concern\u00e9e ou d'une autre personne physique. Ce serait le cas, par exemple, si un visiteur de notre soci\u00e9t\u00e9 \u00e9tait bless\u00e9 et que son nom, son \u00e2ge, les d\u00e9tails de son assurance maladie ou d'autres informations vitales devaient \u00eatre divulgu\u00e9s \u00e0 un m\u00e9decin, un h\u00f4pital ou un autre tiers. Le traitement serait alors bas\u00e9 sur l'article 6 I lit. d DS-GVO. Enfin, les op\u00e9rations de traitement pourraient \u00eatre fond\u00e9es sur l'article 6 I lit. f DS-GVO. Les traitements qui ne sont couverts par aucune des bases juridiques susmentionn\u00e9es reposent sur cette base juridique si le traitement est n\u00e9cessaire pour sauvegarder un int\u00e9r\u00eat l\u00e9gitime de notre soci\u00e9t\u00e9 ou d'un tiers, \u00e0 condition que les int\u00e9r\u00eats, les droits fondamentaux et les libert\u00e9s de la personne concern\u00e9e ne pr\u00e9valent pas. Nous sommes autoris\u00e9s \u00e0 effectuer de tels traitements notamment parce qu'ils ont \u00e9t\u00e9 sp\u00e9cifiquement mentionn\u00e9s par le l\u00e9gislateur europ\u00e9en. \u00c0 cet \u00e9gard, elle a estim\u00e9 qu'un int\u00e9r\u00eat l\u00e9gitime pouvait \u00eatre pr\u00e9sum\u00e9 si la personne concern\u00e9e est un client du responsable du traitement (consid\u00e9rant 47, deuxi\u00e8me phrase, DS-GVO).<\/p>\n<h4>7. les int\u00e9r\u00eats l\u00e9gitimes du traitement poursuivi par le responsable du traitement ou par un tiers<\/h4>\n<p>Si le traitement des donn\u00e9es \u00e0 caract\u00e8re personnel est fond\u00e9 sur l'article 6 I lit. f DS-GVO, notre int\u00e9r\u00eat l\u00e9gitime est de mener nos activit\u00e9s commerciales au profit du bien-\u00eatre de tous nos employ\u00e9s et de nos actionnaires.<\/p>\n<h4>8. la dur\u00e9e de conservation des donn\u00e9es \u00e0 caract\u00e8re personnel<\/h4>\n<p>Le crit\u00e8re pour la dur\u00e9e de stockage des donn\u00e9es personnelles est la p\u00e9riode de conservation l\u00e9gale respective. Apr\u00e8s l'expiration de ce d\u00e9lai, les donn\u00e9es correspondantes sont syst\u00e9matiquement supprim\u00e9es, \u00e0 condition qu'elles ne soient plus n\u00e9cessaires \u00e0 l'ex\u00e9cution du contrat ou \u00e0 l'initiation d'un contrat.<\/p>\n<h4>9. les exigences l\u00e9gales ou contractuelles de fournir les donn\u00e9es \u00e0 caract\u00e8re personnel ; la n\u00e9cessit\u00e9 de la conclusion du contrat ; l'obligation de la personne concern\u00e9e de fournir les donn\u00e9es \u00e0 caract\u00e8re personnel ; les cons\u00e9quences \u00e9ventuelles de la non fourniture des donn\u00e9es \u00e0 caract\u00e8re personnel<\/h4>\n<p>Nous tenons \u00e0 vous informer que la fourniture de donn\u00e9es \u00e0 caract\u00e8re personnel est en partie requise par la loi (par exemple, les r\u00e9glementations fiscales) ou peut \u00e9galement r\u00e9sulter de r\u00e9glementations contractuelles (par exemple, les informations sur le partenaire contractuel). Il peut parfois \u00eatre n\u00e9cessaire de conclure un contrat pour qu'une personne concern\u00e9e nous fournisse des donn\u00e9es \u00e0 caract\u00e8re personnel, qui doivent ensuite \u00eatre trait\u00e9es par nous. Par exemple, la personne concern\u00e9e est tenue de nous fournir des donn\u00e9es \u00e0 caract\u00e8re personnel si notre entreprise conclut un contrat avec elle. Si les donn\u00e9es personnelles ne sont pas fournies, le contrat avec la personne concern\u00e9e ne pourra pas \u00eatre conclu. Avant de mettre \u00e0 disposition des donn\u00e9es \u00e0 caract\u00e8re personnel, la personne concern\u00e9e doit contacter l'un de nos employ\u00e9s. Notre employ\u00e9 informera la personne concern\u00e9e au cas par cas si la fourniture des donn\u00e9es \u00e0 caract\u00e8re personnel est requise par la loi ou le contrat ou est n\u00e9cessaire pour la conclusion du contrat, s'il existe une obligation de fournir les donn\u00e9es \u00e0 caract\u00e8re personnel et quelles seraient les cons\u00e9quences si les donn\u00e9es \u00e0 caract\u00e8re personnel n'\u00e9taient pas fournies.<\/p>\n<h4>10. existence d'un processus d\u00e9cisionnel automatis\u00e9<\/h4>\n<p>En tant qu'entreprise responsable, nous \u00e9vitons la prise de d\u00e9cision automatique ou le profilage.<\/p>\n\n\t\t<\/div>\n\t<\/div>\n<\/div><\/div><\/div><\/div>\n<\/div>","protected":false},"excerpt":{"rendered":"D\u00c9CLARATION DE PROTECTION DES DONN\u00c9ES Nous sommes tr\u00e8s heureux de l'int\u00e9r\u00eat que vous portez \u00e0 notre entreprise. La protection des donn\u00e9es est une priorit\u00e9 particuli\u00e8rement \u00e9lev\u00e9e pour la direction de pac 24 GmbH. L'utilisation des pages Internet de pac 24 GmbH est possible sans indication de donn\u00e9es personnelles. Toutefois, si une personne concern\u00e9e souhaite utiliser les services sp\u00e9ciaux de notre entreprise via notre site web, le traitement des donn\u00e9es \u00e0 caract\u00e8re personnel pourrait devenir n\u00e9cessaire. <a href=\"https:\/\/www.pac24.de\/fr\/datenschutzerklaerung\" class=\"more-link\">En savoir plus<\/a>","protected":false},"author":1,"featured_media":0,"parent":0,"menu_order":0,"comment_status":"closed","ping_status":"closed","template":"template-blank-4.php","meta":{"footnotes":""},"class_list":["post-2966","page","type-page","status-publish","hentry","no-post-thumbnail"],"_links":{"self":[{"href":"https:\/\/www.pac24.de\/fr\/wp-json\/wp\/v2\/pages\/2966","targetHints":{"allow":["GET"]}}],"collection":[{"href":"https:\/\/www.pac24.de\/fr\/wp-json\/wp\/v2\/pages"}],"about":[{"href":"https:\/\/www.pac24.de\/fr\/wp-json\/wp\/v2\/types\/page"}],"author":[{"embeddable":true,"href":"https:\/\/www.pac24.de\/fr\/wp-json\/wp\/v2\/users\/1"}],"replies":[{"embeddable":true,"href":"https:\/\/www.pac24.de\/fr\/wp-json\/wp\/v2\/comments?post=2966"}],"version-history":[{"count":0,"href":"https:\/\/www.pac24.de\/fr\/wp-json\/wp\/v2\/pages\/2966\/revisions"}],"wp:attachment":[{"href":"https:\/\/www.pac24.de\/fr\/wp-json\/wp\/v2\/media?parent=2966"}],"curies":[{"name":"wp","href":"https:\/\/api.w.org\/{rel}","templated":true}]}}